{"id":28238,"date":"2017-04-07T12:25:36","date_gmt":"2017-04-07T10:25:36","guid":{"rendered":"https:\/\/www.access-info.org\/es\/?page_id=28238"},"modified":"2021-08-30T11:51:09","modified_gmt":"2021-08-30T09:51:09","slug":"campanas-nacionales","status":"publish","type":"page","link":"https:\/\/www.access-info.org\/es\/campanas-nacionales\/","title":{"rendered":"Campa\u00f1as Nacionales"},"content":{"rendered":"<p><div class=\"fusion-fullwidth fullwidth-box fusion-builder-row-1 fusion-parallax-none nonhundred-percent-fullwidth non-hundred-percent-height-scrolling\" style=\"--awb-background-position:center;--awb-border-radius-top-left:0px;--awb-border-radius-top-right:0px;--awb-border-radius-bottom-right:0px;--awb-border-radius-bottom-left:0px;--awb-padding-top:20px;--awb-padding-bottom:15px;--awb-background-image:url(&quot;https:\/\/www.access-info.org\/wp-content\/uploads\/europe_window_.png&quot;);--awb-background-size:cover;--awb-flex-wrap:wrap;\" ><div class=\"fusion-builder-row fusion-row\"><div class=\"fusion-layout-column fusion_builder_column fusion-builder-column-0 fusion_builder_column_1_1 1_1 fusion-one-full fusion-column-first fusion-column-last\" style=\"--awb-bg-size:cover;--awb-margin-bottom:0px;\"><div class=\"fusion-column-wrapper fusion-flex-column-wrapper-legacy\"><div class=\"fusion-text fusion-text-1\"><h1 style=\"text-align: center; font-size: 50px; line-height: 60px;\"><span style=\"color: #fff;\">CAMPA\u00d1AS DE TRANSPARENCIA NACIONALES<\/span><\/h1>\n<h1 style=\"text-align: center; font-size: 26px; line-height: 40px; color: #fff;\">PROMOVIENDO Y DEFENDIENDO LA TRANSPARENCIA<\/p>\n<\/div><div class=\"fusion-clearfix\"><\/div><\/div><\/div><\/div><\/div><div class=\"fusion-fullwidth fullwidth-box fusion-builder-row-2 nonhundred-percent-fullwidth non-hundred-percent-height-scrolling\" style=\"--awb-border-radius-top-left:0px;--awb-border-radius-top-right:0px;--awb-border-radius-bottom-right:0px;--awb-border-radius-bottom-left:0px;--awb-padding-top:60px;--awb-flex-wrap:wrap;\" ><div class=\"fusion-builder-row fusion-row\"><div class=\"fusion-layout-column fusion_builder_column fusion-builder-column-1 fusion_builder_column_1_1 1_1 fusion-one-full fusion-column-first fusion-column-last fusion-column-no-min-height\" style=\"--awb-bg-size:cover;--awb-margin-bottom:0px;\"><div class=\"fusion-column-wrapper fusion-flex-column-wrapper-legacy\"><div class=\"fusion-blog-shortcode fusion-blog-shortcode-1 fusion-blog-archive fusion-blog-layout-medium-alternate fusion-blog-pagination\"><div class=\"fusion-posts-container fusion-posts-container-pagination\" data-pages=\"12\"><article id=\"blog-1-post-38973\" class=\"fusion-post-medium-alternate post-38973 post type-post status-publish format-standard has-post-thumbnail hentry category-acc-es category-nat-es category-frontpage-es category-esp-es category-cos-es-2\">\n<div class=\"fusion-date-and-formats\"><div class=\"fusion-date-box updated\"><span class=\"fusion-date\">6<\/span><span class=\"fusion-month-year\">Mar 2026<\/span><\/div><div class=\"fusion-format-box\"><i class=\"awb-icon-pen\" aria-hidden=\"true\"><\/i><\/div><\/div>\t<style type=\"text\/css\">\n\t\t\n\t\t\n\t\t\n\t\t\n\t\t\t<\/style>\n\n\n\t\t\t<div class=\"fusion-flexslider flexslider fusion-flexslider-loading fusion-post-slideshow\" style=\"\">\n\t\t<ul class=\"slides\">\n\t\t\t\n\t\t\t\t\t\t\t\t\t\t\t\t\t\t<li><div  class=\"fusion-image-wrapper fusion-image-size-fixed\" aria-haspopup=\"true\">\n\t\t\t\t\t\t\t<a href=\"https:\/\/www.access-info.org\/es\/2026-03-06\/observaciones-anteproyecto-ley-integridad-publica\/\" aria-label=\"Access Info Presenta sus Observaciones al Anteproyecto de Ley Org\u00e1nica de Integridad P\u00fablica\">\n\t\t\t\t\t\t\t<img decoding=\"async\" width=\"320\" height=\"202\" src=\"https:\/\/www.access-info.org\/wp-content\/uploads\/Integrity-1-320x202.png\" class=\"attachment-blog-medium size-blog-medium wp-post-image\" alt=\"\" srcset=\"https:\/\/www.access-info.org\/wp-content\/uploads\/Integrity-1-320x202.png 320w, https:\/\/www.access-info.org\/wp-content\/uploads\/Integrity-1-700x441.png 700w\" sizes=\"(max-width: 320px) 100vw, 320px\" \/>\t\t\t<\/a>\n\t\t\t\t\t\t\t<\/div>\n<\/li>\n\t\t\t\n\t\t\t\n\t\t\t\t\t\t\t\t\t\t\t\t\t\t\t\t\t\t\t\t\t\t\t\t\t\t\t\t\t\t\t\t\t\t\t\t\t\t\t\t\t\t\t\t\t\t\t\t\t\t\t\t\t\t\t\t\t\t\t\t\t\t\t\t\t\t\t\t<\/ul>\n\t<\/div>\n\t<div class=\"fusion-post-content post-content\"><h2 class=\"blog-shortcode-post-title entry-title\"><a href=\"https:\/\/www.access-info.org\/es\/2026-03-06\/observaciones-anteproyecto-ley-integridad-publica\/\">Access Info Presenta sus Observaciones al Anteproyecto de Ley Org\u00e1nica de Integridad P\u00fablica<\/a><\/h2><div class=\"fusion-post-content-container\"><p> Madrid, 2 de marzo de 2026. \u2013 Access Info Europe ha participado en el tr\u00e1mite de Audiencia e Informaci\u00f3n P\u00fablica del Anteproyecto de Ley Org\u00e1nica de Integridad P\u00fablica, remitiendo sus observaciones al Ministerio de Hacienda con el objetivo de reforzar los requisitos de transparencia y acceso a la informaci\u00f3n de esta normativa clave para prevenir y combatir la corrupci\u00f3n.<\/p><\/div><\/div><div class=\"fusion-clearfix\"><\/div><div class=\"fusion-meta-info\"><div class=\"fusion-alignright\"><a class=\"fusion-read-more\" href=\"https:\/\/www.access-info.org\/es\/2026-03-06\/observaciones-anteproyecto-ley-integridad-publica\/\" aria-label=\"More on Access Info Presenta sus Observaciones al Anteproyecto de Ley Org\u00e1nica de Integridad P\u00fablica\">Read More<\/a><\/div><\/div><\/article>\n<article id=\"blog-1-post-38962\" class=\"fusion-post-medium-alternate post-38962 post type-post status-publish format-standard has-post-thumbnail hentry category-nat-es category-a4r-es category-frontpage-es category-esp-es\">\n<div class=\"fusion-date-and-formats\"><div class=\"fusion-date-box updated\"><span class=\"fusion-date\">25<\/span><span class=\"fusion-month-year\">Feb 2026<\/span><\/div><div class=\"fusion-format-box\"><i class=\"awb-icon-pen\" aria-hidden=\"true\"><\/i><\/div><\/div>\t<style type=\"text\/css\">\n\t\t\n\t\t\n\t\t\n\t\t\n\t\t\t<\/style>\n\n\n\t\t\t<div class=\"fusion-flexslider flexslider fusion-flexslider-loading fusion-post-slideshow\" style=\"\">\n\t\t<ul class=\"slides\">\n\t\t\t\n\t\t\t\t\t\t\t\t\t\t\t\t\t\t<li><div  class=\"fusion-image-wrapper fusion-image-size-fixed\" aria-haspopup=\"true\">\n\t\t\t\t\t\t\t<a href=\"https:\/\/www.access-info.org\/es\/2026-02-25\/access-info-celebra-desclasificacion-documentos-23f\/\" aria-label=\"Access Info Europe Celebra la Desclasificaci\u00f3n de los Documentos del 23F\">\n\t\t\t\t\t\t\t<img decoding=\"async\" width=\"320\" height=\"202\" src=\"https:\/\/www.access-info.org\/wp-content\/uploads\/Imagen-Nota-23F-320x202.png\" class=\"attachment-blog-medium size-blog-medium wp-post-image\" alt=\"\" srcset=\"https:\/\/www.access-info.org\/wp-content\/uploads\/Imagen-Nota-23F-320x202.png 320w, https:\/\/www.access-info.org\/wp-content\/uploads\/Imagen-Nota-23F-700x441.png 700w\" sizes=\"(max-width: 320px) 100vw, 320px\" \/>\t\t\t<\/a>\n\t\t\t\t\t\t\t<\/div>\n<\/li>\n\t\t\t\n\t\t\t\n\t\t\t\t\t\t\t\t\t\t\t\t\t\t\t\t\t\t\t\t\t\t\t\t\t\t\t\t\t\t\t\t\t\t\t\t\t\t\t\t\t\t\t\t\t\t\t\t\t\t\t\t\t\t\t\t\t\t\t\t\t\t\t\t\t\t\t\t<\/ul>\n\t<\/div>\n\t<div class=\"fusion-post-content post-content\"><h2 class=\"blog-shortcode-post-title entry-title\"><a href=\"https:\/\/www.access-info.org\/es\/2026-02-25\/access-info-celebra-desclasificacion-documentos-23f\/\">Access Info Europe Celebra la Desclasificaci\u00f3n de los Documentos del 23F<\/a><\/h2><div class=\"fusion-post-content-container\"><p> Madrid, 25 de febrero de 2026 \u2014 Access Info Europe aplaude la decisi\u00f3n del Gobierno espa\u00f1ol de desclasificar los documentos vinculados al intento de golpe de Estado del 23 de febrero de 1981, un gesto que reconoce el derecho de la ciudadan\u00eda a conocer los hechos que marcaron profundamente la historia democr\u00e1tica de Espa\u00f1a. Durante d\u00e9cadas, esa documentaci\u00f3n hab\u00eda<\/p><\/div><\/div><div class=\"fusion-clearfix\"><\/div><div class=\"fusion-meta-info\"><div class=\"fusion-alignright\"><a class=\"fusion-read-more\" href=\"https:\/\/www.access-info.org\/es\/2026-02-25\/access-info-celebra-desclasificacion-documentos-23f\/\" aria-label=\"More on Access Info Europe Celebra la Desclasificaci\u00f3n de los Documentos del 23F\">Read More<\/a><\/div><\/div><\/article>\n<article id=\"blog-1-post-38799\" class=\"fusion-post-medium-alternate post-38799 post type-post status-publish format-standard has-post-thumbnail hentry category-aieinthenews-es category-nat-es category-frontpage-es category-esp-es\">\n<div class=\"fusion-date-and-formats\"><div class=\"fusion-date-box updated\"><span class=\"fusion-date\">2<\/span><span class=\"fusion-month-year\">Jun 2025<\/span><\/div><div class=\"fusion-format-box\"><i class=\"awb-icon-pen\" aria-hidden=\"true\"><\/i><\/div><\/div>\t<style type=\"text\/css\">\n\t\t\n\t\t\n\t\t\n\t\t\n\t\t\t<\/style>\n\n\n\t\t\t<div class=\"fusion-flexslider flexslider fusion-flexslider-loading fusion-post-slideshow\" style=\"\">\n\t\t<ul class=\"slides\">\n\t\t\t\n\t\t\t\t\t\t\t\t\t\t\t\t\t\t<li><div  class=\"fusion-image-wrapper fusion-image-size-fixed\" aria-haspopup=\"true\">\n\t\t\t\t\t\t\t<a href=\"https:\/\/www.access-info.org\/es\/2025-06-02\/spanish-court-orders-government-to-disclose-uncac-self-assessment-documents\/\" aria-label=\"Spanish Court Orders Government to Disclose UNCAC Self-Assessment Documents\">\n\t\t\t\t\t\t\t<img decoding=\"async\" width=\"320\" height=\"202\" src=\"https:\/\/www.access-info.org\/wp-content\/uploads\/AN-2-320x202.jpg\" class=\"attachment-blog-medium size-blog-medium wp-post-image\" alt=\"\" srcset=\"https:\/\/www.access-info.org\/wp-content\/uploads\/AN-2-320x202.jpg 320w, https:\/\/www.access-info.org\/wp-content\/uploads\/AN-2-700x441.jpg 700w\" sizes=\"(max-width: 320px) 100vw, 320px\" \/>\t\t\t<\/a>\n\t\t\t\t\t\t\t<\/div>\n<\/li>\n\t\t\t\n\t\t\t\n\t\t\t\t\t\t\t\t\t\t\t\t\t\t\t\t\t\t\t\t\t\t\t\t\t\t\t\t\t\t\t\t\t\t\t\t\t\t\t\t\t\t\t\t\t\t\t\t\t\t\t\t\t\t\t\t\t\t\t\t\t\t\t\t\t\t\t\t<\/ul>\n\t<\/div>\n\t<div class=\"fusion-post-content post-content\"><h2 class=\"blog-shortcode-post-title entry-title\"><a href=\"https:\/\/www.access-info.org\/es\/2025-06-02\/spanish-court-orders-government-to-disclose-uncac-self-assessment-documents\/\">Spanish Court Orders Government to Disclose UNCAC Self-Assessment Documents<\/a><\/h2><div class=\"fusion-post-content-container\"><p> 02 June 2025 - A Spanish court has ruled that the Ministry of Foreign Affairs, European Union and Cooperation was wrong to refuse Access Info\u2019s request for documents related to Spain\u2019s self-assessment of its implementation of the United Nations Convention against Corruption (UNCAC). Spain is currently participating in the second cycle of the UNCAC review process. As part of<\/p><\/div><\/div><div class=\"fusion-clearfix\"><\/div><div class=\"fusion-meta-info\"><div class=\"fusion-alignright\"><a class=\"fusion-read-more\" href=\"https:\/\/www.access-info.org\/es\/2025-06-02\/spanish-court-orders-government-to-disclose-uncac-self-assessment-documents\/\" aria-label=\"More on Spanish Court Orders Government to Disclose UNCAC Self-Assessment Documents\">Read More<\/a><\/div><\/div><\/article>\n<article id=\"blog-1-post-38422\" class=\"fusion-post-medium-alternate post-38422 post type-post status-publish format-standard has-post-thumbnail hentry category-article category-nat\">\n<div class=\"fusion-date-and-formats\"><div class=\"fusion-date-box updated\"><span class=\"fusion-date\">26<\/span><span class=\"fusion-month-year\">Ene 2023<\/span><\/div><div class=\"fusion-format-box\"><i class=\"awb-icon-pen\" aria-hidden=\"true\"><\/i><\/div><\/div>\t<style type=\"text\/css\">\n\t\t\n\t\t\n\t\t\n\t\t\n\t\t\t<\/style>\n\n\n\t\t\t<div class=\"fusion-flexslider flexslider fusion-flexslider-loading fusion-post-slideshow\" style=\"\">\n\t\t<ul class=\"slides\">\n\t\t\t\n\t\t\t\t\t\t\t\t\t\t\t\t\t\t<li><div  class=\"fusion-image-wrapper fusion-image-size-fixed\" aria-haspopup=\"true\">\n\t\t\t\t\t\t\t<a href=\"https:\/\/www.access-info.org\/es\/2023-01-26\/malta-access-info-wins\/\" aria-label=\"Malta: Access Info wins Court of Appeal ruling that all EU citizens have a right to submit information requests\">\n\t\t\t\t\t\t\t<img decoding=\"async\" width=\"320\" height=\"202\" src=\"https:\/\/www.access-info.org\/wp-content\/uploads\/Malta-banner-320x202.png\" class=\"attachment-blog-medium size-blog-medium wp-post-image\" alt=\"\" srcset=\"https:\/\/www.access-info.org\/wp-content\/uploads\/Malta-banner-320x202.png 320w, https:\/\/www.access-info.org\/wp-content\/uploads\/Malta-banner-700x441.png 700w\" sizes=\"(max-width: 320px) 100vw, 320px\" \/>\t\t\t<\/a>\n\t\t\t\t\t\t\t<\/div>\n<\/li>\n\t\t\t\n\t\t\t\n\t\t\t\t\t\t\t\t\t\t\t\t\t\t\t\t\t\t\t\t\t\t\t\t\t\t\t\t\t\t\t\t\t\t\t\t\t\t\t\t\t\t\t\t\t\t\t\t\t\t\t\t\t\t\t\t\t\t\t\t\t\t\t\t\t\t\t\t<\/ul>\n\t<\/div>\n\t<div class=\"fusion-post-content post-content\"><h2 class=\"blog-shortcode-post-title entry-title\"><a href=\"https:\/\/www.access-info.org\/es\/2023-01-26\/malta-access-info-wins\/\">Malta: Access Info wins Court of Appeal ruling that all EU citizens have a right to submit information requests<\/a><\/h2><div class=\"fusion-post-content-container\"><p> Madrid, 26 January 2023 - Malta\u2019s Court of Appeal has ruled in favour of Access Info that the Maltese government was discriminatory and violated the rights of EU citizens when it refused to register an information request by a non-Maltese citizen. This major win for the right of access to information stems back to an August 2019 request by<\/p><\/div><\/div><div class=\"fusion-clearfix\"><\/div><div class=\"fusion-meta-info\"><div class=\"fusion-alignright\"><a class=\"fusion-read-more\" href=\"https:\/\/www.access-info.org\/es\/2023-01-26\/malta-access-info-wins\/\" aria-label=\"More on Malta: Access Info wins Court of Appeal ruling that all EU citizens have a right to submit information requests\">Read More<\/a><\/div><\/div><\/article>\n<article id=\"blog-1-post-37876\" class=\"fusion-post-medium-alternate post-37876 post type-post status-publish format-standard has-post-thumbnail hentry category-article category-a4r category-nat\">\n<div class=\"fusion-date-and-formats\"><div class=\"fusion-date-box updated\"><span class=\"fusion-date\">4<\/span><span class=\"fusion-month-year\">Nov 2022<\/span><\/div><div class=\"fusion-format-box\"><i class=\"awb-icon-pen\" aria-hidden=\"true\"><\/i><\/div><\/div>\t<style type=\"text\/css\">\n\t\t\n\t\t\n\t\t\n\t\t\n\t\t\t<\/style>\n\n\n\t\t\t<div class=\"fusion-flexslider flexslider fusion-flexslider-loading fusion-post-slideshow\" style=\"\">\n\t\t<ul class=\"slides\">\n\t\t\t\n\t\t\t\t\t\t\t\t\t\t\t\t\t\t<li><div  class=\"fusion-image-wrapper fusion-image-size-fixed\" aria-haspopup=\"true\">\n\t\t\t\t\t\t\t<a href=\"https:\/\/www.access-info.org\/es\/2022-11-04\/mps-expenses-disclosed-echr\/\" aria-label=\"MPs\u2019 expenses should be disclosed in response to information requests: Civil Society Brief to the European Court of Human Rights\">\n\t\t\t\t\t\t\t<img decoding=\"async\" width=\"320\" height=\"202\" src=\"https:\/\/www.access-info.org\/wp-content\/uploads\/ECHR-France-320x202.png\" class=\"attachment-blog-medium size-blog-medium wp-post-image\" alt=\"\" srcset=\"https:\/\/www.access-info.org\/wp-content\/uploads\/ECHR-France-320x202.png 320w, https:\/\/www.access-info.org\/wp-content\/uploads\/ECHR-France-700x441.png 700w\" sizes=\"(max-width: 320px) 100vw, 320px\" \/>\t\t\t<\/a>\n\t\t\t\t\t\t\t<\/div>\n<\/li>\n\t\t\t\n\t\t\t\n\t\t\t\t\t\t\t\t\t\t\t\t\t\t\t\t\t\t\t\t\t\t\t\t\t\t\t\t\t\t\t\t\t\t\t\t\t\t\t\t\t\t\t\t\t\t\t\t\t\t\t\t\t\t\t\t\t\t\t\t\t\t\t\t\t\t\t\t<\/ul>\n\t<\/div>\n\t<div class=\"fusion-post-content post-content\"><h2 class=\"blog-shortcode-post-title entry-title\"><a href=\"https:\/\/www.access-info.org\/es\/2022-11-04\/mps-expenses-disclosed-echr\/\">MPs\u2019 expenses should be disclosed in response to information requests: Civil Society Brief to the European Court of Human Rights<\/a><\/h2><div class=\"fusion-post-content-container\"><p> Photo: The French Assemembl\u00e9e Nationale in Paris, and the European Court of Human Rights in Strasbourg. Strasbourg, 3 November 2022 - Access Info, ARTICLE 19, and ten access to information organisations from across Europe have submitted a brief to the European Court of Human Rights in a case against France demonstrating that information about expenses by members of parliament<\/p><\/div><\/div><div class=\"fusion-clearfix\"><\/div><div class=\"fusion-meta-info\"><div class=\"fusion-alignright\"><a class=\"fusion-read-more\" href=\"https:\/\/www.access-info.org\/es\/2022-11-04\/mps-expenses-disclosed-echr\/\" aria-label=\"More on MPs\u2019 expenses should be disclosed in response to information requests: Civil Society Brief to the European Court of Human Rights\">Read More<\/a><\/div><\/div><\/article>\n<article id=\"blog-1-post-37573\" class=\"fusion-post-medium-alternate post-37573 post type-post status-publish format-standard has-post-thumbnail hentry category-acc category-article category-a4r category-nat\">\n<div class=\"fusion-date-and-formats\"><div class=\"fusion-date-box updated\"><span class=\"fusion-date\">17<\/span><span class=\"fusion-month-year\">Oct 2022<\/span><\/div><div class=\"fusion-format-box\"><i class=\"awb-icon-pen\" aria-hidden=\"true\"><\/i><\/div><\/div>\t<style type=\"text\/css\">\n\t\t\n\t\t\n\t\t\n\t\t\n\t\t\t<\/style>\n\n\n\t\t\t<div class=\"fusion-flexslider flexslider fusion-flexslider-loading fusion-post-slideshow\" style=\"\">\n\t\t<ul class=\"slides\">\n\t\t\t\n\t\t\t\t\t\t\t\t\t\t\t\t\t\t<li><div  class=\"fusion-image-wrapper fusion-image-size-fixed\" aria-haspopup=\"true\">\n\t\t\t\t\t\t\t<a href=\"https:\/\/www.access-info.org\/es\/2022-10-17\/malta-civil-society-justice\/\" aria-label=\"Malta: Civil society calls for justice for Daphne Caruana Galizia on fifth anniversary of her assassination\">\n\t\t\t\t\t\t\t<img decoding=\"async\" width=\"320\" height=\"202\" src=\"https:\/\/www.access-info.org\/wp-content\/uploads\/Daphne-Caruana-cropped-320x202.jpg\" class=\"attachment-blog-medium size-blog-medium wp-post-image\" alt=\"\" srcset=\"https:\/\/www.access-info.org\/wp-content\/uploads\/Daphne-Caruana-cropped-320x202.jpg 320w, https:\/\/www.access-info.org\/wp-content\/uploads\/Daphne-Caruana-cropped-700x441.jpg 700w\" sizes=\"(max-width: 320px) 100vw, 320px\" \/>\t\t\t<\/a>\n\t\t\t\t\t\t\t<\/div>\n<\/li>\n\t\t\t\n\t\t\t\n\t\t\t\t\t\t\t\t\t\t\t\t\t\t\t\t\t\t\t\t\t\t\t\t\t\t\t\t\t\t\t\t\t\t\t\t\t\t\t\t\t\t\t\t\t\t\t\t\t\t\t\t\t\t\t\t\t\t\t\t\t\t\t\t\t\t\t\t<\/ul>\n\t<\/div>\n\t<div class=\"fusion-post-content post-content\"><h2 class=\"blog-shortcode-post-title entry-title\"><a href=\"https:\/\/www.access-info.org\/es\/2022-10-17\/malta-civil-society-justice\/\">Malta: Civil society calls for justice for Daphne Caruana Galizia on fifth anniversary of her assassination<\/a><\/h2><div class=\"fusion-post-content-container\"><p>Valletta, 16 October 2022 \u2013\u00a0Access Info is one of 36 freedom of expression and information groups which have denounced the Maltese government's lack of ambition and transparency in press freedom reforms and renewed calls for full justice for Daphne Caruana Galizia. The full statement reads as follows: Five years ago today, investigative reporter Daphne Caruana Galizia was brutally assassinated in<\/p><\/div><\/div><div class=\"fusion-clearfix\"><\/div><div class=\"fusion-meta-info\"><div class=\"fusion-alignright\"><a class=\"fusion-read-more\" href=\"https:\/\/www.access-info.org\/es\/2022-10-17\/malta-civil-society-justice\/\" aria-label=\"More on Malta: Civil society calls for justice for Daphne Caruana Galizia on fifth anniversary of her assassination\">Read More<\/a><\/div><\/div><\/article>\n<\/div><div class=\"pagination clearfix\"><span class=\"current\">1<\/span><a href=\"https:\/\/www.access-info.org\/es\/wp-json\/wp\/v2\/pages\/28238\/page\/2\/\" class=\"inactive\">2<\/a><a class=\"pagination-next\" rel=\"next\" href=\"https:\/\/www.access-info.org\/es\/wp-json\/wp\/v2\/pages\/28238\/page\/2\/\"><span class=\"page-text\">Next<\/span><span class=\"page-next\"><\/span><\/a><\/div><div class=\"fusion-clearfix\"><\/div><\/div><div class=\"fusion-clearfix\"><\/div><\/div><\/div><\/div><\/div><div class=\"fusion-fullwidth fullwidth-box fusion-builder-row-3 hundred-percent-fullwidth non-hundred-percent-height-scrolling\" style=\"--awb-border-radius-top-left:0px;--awb-border-radius-top-right:0px;--awb-border-radius-bottom-right:0px;--awb-border-radius-bottom-left:0px;--awb-overflow:visible;--awb-padding-right:20px;--awb-padding-left:20px;--awb-margin-top:10px;--awb-margin-bottom:10px;--awb-background-color:rgba(255,255,255,0);--awb-flex-wrap:wrap;\" ><div class=\"fusion-builder-row fusion-row\"><div class=\"fusion-layout-column fusion_builder_column fusion-builder-column-2 fusion_builder_column_1_1 1_1 fusion-one-full fusion-column-first fusion-column-last fusion-column-no-min-height\" style=\"--awb-bg-size:cover;--awb-margin-bottom:0px;\"><div class=\"fusion-column-wrapper fusion-flex-column-wrapper-legacy\"><div class=\"fusion-sep-clear\"><\/div><div class=\"fusion-separator fusion-full-width-sep\" style=\"margin-left: auto;margin-right: auto;width:100%;\"><\/div><div class=\"fusion-sep-clear\"><\/div><div class=\"fusion-text fusion-text-2\"><\/h1>\n<p style=\"text-align: center;\"><em>Foto de portada: <a href=\"https:\/\/www.flickr.com\/photos\/39877441@N05\/\" target=\"_blank\" rel=\"noopener noreferrer\">Michael Levine-Clark<\/a> via Flick (<a href=\"https:\/\/creativecommons.org\/licenses\/by-nc-nd\/2.0\/\" target=\"_blank\" rel=\"noopener noreferrer\">CC BY-NC-ND 2.0<\/a>)<\/em><\/p>\n<\/div><div class=\"fusion-clearfix\"><\/div><\/div><\/div><\/div><\/div><\/p>\n","protected":false},"excerpt":{"rendered":"","protected":false},"author":6,"featured_media":0,"parent":0,"menu_order":46,"comment_status":"closed","ping_status":"closed","template":"100-width.php","meta":{"footnotes":""},"class_list":["post-28238","page","type-page","status-publish","hentry"],"_links":{"self":[{"href":"https:\/\/www.access-info.org\/es\/wp-json\/wp\/v2\/pages\/28238","targetHints":{"allow":["GET"]}}],"collection":[{"href":"https:\/\/www.access-info.org\/es\/wp-json\/wp\/v2\/pages"}],"about":[{"href":"https:\/\/www.access-info.org\/es\/wp-json\/wp\/v2\/types\/page"}],"author":[{"embeddable":true,"href":"https:\/\/www.access-info.org\/es\/wp-json\/wp\/v2\/users\/6"}],"replies":[{"embeddable":true,"href":"https:\/\/www.access-info.org\/es\/wp-json\/wp\/v2\/comments?post=28238"}],"version-history":[{"count":6,"href":"https:\/\/www.access-info.org\/es\/wp-json\/wp\/v2\/pages\/28238\/revisions"}],"predecessor-version":[{"id":35981,"href":"https:\/\/www.access-info.org\/es\/wp-json\/wp\/v2\/pages\/28238\/revisions\/35981"}],"wp:attachment":[{"href":"https:\/\/www.access-info.org\/es\/wp-json\/wp\/v2\/media?parent=28238"}],"curies":[{"name":"wp","href":"https:\/\/api.w.org\/{rel}","templated":true}]}}